{"id":81,"date":"2015-12-09T21:46:00","date_gmt":"2015-12-09T20:46:00","guid":{"rendered":"http:\/\/ecomusee.hebergratuit.net\/?page_id=81"},"modified":"2015-12-10T15:18:29","modified_gmt":"2015-12-10T14:18:29","slug":"la-paquelais","status":"publish","type":"page","link":"https:\/\/www.ecomusee-rural.com\/?page_id=81","title":{"rendered":"La P\u00e2quelais"},"content":{"rendered":"<div id=\"pl-81\"  class=\"panel-layout\" ><div id=\"pg-81-0\"  class=\"panel-grid panel-no-style\" ><div id=\"pgc-81-0-0\"  class=\"panel-grid-cell\" ><div id=\"panel-81-0-0-0\" class=\"so-panel widget widget_sow-image panel-first-child panel-last-child\" data-index=\"0\" ><div\n\t\t\t\n\t\t\tclass=\"so-widget-sow-image so-widget-sow-image-default-d6014b76747a-81\"\n\t\t\t\n\t\t>\n\n<div class=\"sow-image-container\">\n\t\t<img src=\"https:\/\/www.ecomusee-rural.com\/wp-content\/uploads\/2015\/12\/Paquelais_006-300x225.jpg\" width=\"300\" height=\"225\" srcset=\"https:\/\/www.ecomusee-rural.com\/wp-content\/uploads\/2015\/12\/Paquelais_006-300x225.jpg 300w, https:\/\/www.ecomusee-rural.com\/wp-content\/uploads\/2015\/12\/Paquelais_006-768x576.jpg 768w, https:\/\/www.ecomusee-rural.com\/wp-content\/uploads\/2015\/12\/Paquelais_006-1024x768.jpg 1024w, https:\/\/www.ecomusee-rural.com\/wp-content\/uploads\/2015\/12\/Paquelais_006.jpg 1600w\" sizes=\"(max-width: 300px) 100vw, 300px\" alt=\"\" loading=\"lazy\" \t\tclass=\"so-widget-image\"\/>\n\t<\/div>\n\n<\/div><\/div><\/div><div id=\"pgc-81-0-1\"  class=\"panel-grid-cell\" ><div id=\"panel-81-0-1-0\" class=\"so-panel widget widget_sow-editor panel-first-child panel-last-child\" data-index=\"1\" ><div\n\t\t\t\n\t\t\tclass=\"so-widget-sow-editor so-widget-sow-editor-base\"\n\t\t\t\n\t\t>\n<div class=\"siteorigin-widget-tinymce textwidget\">\n\t<p>Aujourd\u2019hui, l\u2019\u00e9comus\u00e9e abrite un espace d\u2019exposition sur les m\u00e9tiers d\u2019antan, une maison du vignolais telle qu\u2019elle \u00e9tait habit\u00e9e au si\u00e8cle dernier et un village d\u2019artisans enti\u00e8rement reconstruit par les b\u00e9n\u00e9voles.<\/p>\n<p>Le fait qu\u2019il s\u2019agisse de reconstitutions d\u2019habitats et d\u2019ateliers v\u00e9ritables facilite l\u2019immersion des visiteurs et fait de l\u2019\u00e9comus\u00e9e rural un site authentique.<\/p>\n<\/div>\n<\/div><\/div><\/div><\/div><div id=\"pg-81-1\"  class=\"panel-grid panel-no-style\" ><div id=\"pgc-81-1-0\"  class=\"panel-grid-cell\" ><div id=\"panel-81-1-0-0\" class=\"so-panel widget widget_sow-editor panel-first-child\" data-index=\"2\" ><div\n\t\t\t\n\t\t\tclass=\"so-widget-sow-editor so-widget-sow-editor-base\"\n\t\t\t\n\t\t>\n<div class=\"siteorigin-widget-tinymce textwidget\">\n\t<p>Situ\u00e9e dans une ancienne ferme de bourg,\u00a0 le site de la P\u00e2quelais, y compte pr\u00e8s de 5000 pi\u00e8ces expos\u00e9es.<\/p>\n<p>De nombreux objets, outils, machines agricoles de l\u2019\u00e9poque de la traction animale vous sont pr\u00e9sent\u00e9s et chacun rec\u00e8le un secret.<\/p>\n<p>Le site de la P\u00e2quelais vous permettra de d\u00e9couvrir la richesse d\u2019un patrimoine rural\u00a0 aujourd\u2019hui disparu et le mode de vie des habitants gr\u00e2ce \u00e0 la restauration d\u2019une ferme et la construction d\u2019un village des vieux m\u00e9tiers.<\/p>\n<p>Venez d\u00e9couvrir la maison du Vignolais, le cellier, le four \u00e0 pain, l\u2019\u00e9curie mais aussi l\u2019atelier du tonnelier, du charron\u2026 et plongez-vous dans le pass\u00e9.<\/p>\n<p>Vous trouverez des objets uniques expliquant la vie d\u2019antan.<\/p>\n<\/div>\n<\/div><\/div><div id=\"panel-81-1-0-1\" class=\"so-panel widget widget_sow-editor panel-last-child\" data-index=\"3\" ><div\n\t\t\t\n\t\t\tclass=\"so-widget-sow-editor so-widget-sow-editor-base\"\n\t\t\t\n\t\t>\n<div class=\"siteorigin-widget-tinymce textwidget\">\n\t<div class=\"su-custom-gallery su-custom-gallery-title-never su-lightbox-gallery\"><div class=\"su-custom-gallery-slide\"><a href=\"https:\/\/www.ecomusee-rural.com\/wp-content\/uploads\/2015\/12\/Paquelais_001.jpg\" title=\"Paquelais_001\"><img src=\"https:\/\/www.ecomusee-rural.com\/wp-content\/uploads\/2015\/12\/Paquelais_001-90x90.jpg\" alt=\"Paquelais_001\" width=\"90\" height=\"90\" \/><span class=\"su-custom-gallery-title\">Paquelais_001<\/span><\/a><\/div><div class=\"su-custom-gallery-slide\"><a href=\"https:\/\/www.ecomusee-rural.com\/wp-content\/uploads\/2015\/12\/Paquelais_009.jpg\" title=\"Paquelais_009\"><img src=\"https:\/\/www.ecomusee-rural.com\/wp-content\/uploads\/2015\/12\/Paquelais_009-90x90.jpg\" alt=\"Paquelais_009\" width=\"90\" height=\"90\" \/><span class=\"su-custom-gallery-title\">Paquelais_009<\/span><\/a><\/div><div class=\"su-custom-gallery-slide\"><a href=\"https:\/\/www.ecomusee-rural.com\/wp-content\/uploads\/2015\/12\/Paquelais_008.jpg\" title=\"Paquelais_008\"><img src=\"https:\/\/www.ecomusee-rural.com\/wp-content\/uploads\/2015\/12\/Paquelais_008-90x90.jpg\" alt=\"Paquelais_008\" width=\"90\" height=\"90\" \/><span class=\"su-custom-gallery-title\">Paquelais_008<\/span><\/a><\/div><div class=\"su-custom-gallery-slide\"><a href=\"https:\/\/www.ecomusee-rural.com\/wp-content\/uploads\/2015\/12\/Paquelais_007.jpg\" title=\"Paquelais_007\"><img src=\"https:\/\/www.ecomusee-rural.com\/wp-content\/uploads\/2015\/12\/Paquelais_007-90x90.jpg\" alt=\"Paquelais_007\" width=\"90\" height=\"90\" \/><span class=\"su-custom-gallery-title\">Paquelais_007<\/span><\/a><\/div><div class=\"su-custom-gallery-slide\"><a href=\"https:\/\/www.ecomusee-rural.com\/wp-content\/uploads\/2015\/12\/Paquelais_006.jpg\" title=\"Paquelais_006\"><img src=\"https:\/\/www.ecomusee-rural.com\/wp-content\/uploads\/2015\/12\/Paquelais_006-90x90.jpg\" alt=\"Paquelais_006\" width=\"90\" height=\"90\" \/><span class=\"su-custom-gallery-title\">Paquelais_006<\/span><\/a><\/div><div class=\"su-custom-gallery-slide\"><a href=\"https:\/\/www.ecomusee-rural.com\/wp-content\/uploads\/2015\/12\/Paquelais_005.jpg\" title=\"Paquelais_005\"><img src=\"https:\/\/www.ecomusee-rural.com\/wp-content\/uploads\/2015\/12\/Paquelais_005-90x90.jpg\" alt=\"Paquelais_005\" width=\"90\" height=\"90\" \/><span class=\"su-custom-gallery-title\">Paquelais_005<\/span><\/a><\/div><div class=\"su-custom-gallery-slide\"><a href=\"https:\/\/www.ecomusee-rural.com\/wp-content\/uploads\/2015\/12\/Paquelais_004.jpg\" title=\"Paquelais_004\"><img src=\"https:\/\/www.ecomusee-rural.com\/wp-content\/uploads\/2015\/12\/Paquelais_004-90x90.jpg\" alt=\"Paquelais_004\" width=\"90\" height=\"90\" \/><span class=\"su-custom-gallery-title\">Paquelais_004<\/span><\/a><\/div><div class=\"su-custom-gallery-slide\"><a href=\"https:\/\/www.ecomusee-rural.com\/wp-content\/uploads\/2015\/12\/Paquelais_003.jpg\" title=\"Paquelais_003\"><img src=\"https:\/\/www.ecomusee-rural.com\/wp-content\/uploads\/2015\/12\/Paquelais_003-90x90.jpg\" alt=\"Paquelais_003\" width=\"90\" height=\"90\" \/><span class=\"su-custom-gallery-title\">Paquelais_003<\/span><\/a><\/div><div class=\"su-custom-gallery-slide\"><a href=\"https:\/\/www.ecomusee-rural.com\/wp-content\/uploads\/2015\/12\/Paquelais_002.jpg\" title=\"Paquelais_002\"><img src=\"https:\/\/www.ecomusee-rural.com\/wp-content\/uploads\/2015\/12\/Paquelais_002-90x90.jpg\" alt=\"Paquelais_002\" width=\"90\" height=\"90\" \/><span class=\"su-custom-gallery-title\">Paquelais_002<\/span><\/a><\/div><div class=\"su-clear\"><\/div><\/div>\n<\/div>\n<\/div><\/div><\/div><\/div><\/div>","protected":false},"excerpt":{"rendered":"<p>Aujourd\u2019hui, l\u2019\u00e9comus\u00e9e abrite un espace d\u2019exposition sur les m\u00e9tiers d\u2019antan, une maison du vignolais telle qu\u2019elle \u00e9tait habit\u00e9e au si\u00e8cle dernier et un village d\u2019artisans enti\u00e8rement reconstruit par les b\u00e9n\u00e9voles.<\/p>\n","protected":false},"author":1,"featured_media":87,"parent":135,"menu_order":0,"comment_status":"closed","ping_status":"closed","template":"","meta":[],"acf":[],"_links":{"self":[{"href":"https:\/\/www.ecomusee-rural.com\/index.php?rest_route=\/wp\/v2\/pages\/81"}],"collection":[{"href":"https:\/\/www.ecomusee-rural.com\/index.php?rest_route=\/wp\/v2\/pages"}],"about":[{"href":"https:\/\/www.ecomusee-rural.com\/index.php?rest_route=\/wp\/v2\/types\/page"}],"author":[{"embeddable":true,"href":"https:\/\/www.ecomusee-rural.com\/index.php?rest_route=\/wp\/v2\/users\/1"}],"replies":[{"embeddable":true,"href":"https:\/\/www.ecomusee-rural.com\/index.php?rest_route=%2Fwp%2Fv2%2Fcomments&post=81"}],"version-history":[{"count":11,"href":"https:\/\/www.ecomusee-rural.com\/index.php?rest_route=\/wp\/v2\/pages\/81\/revisions"}],"predecessor-version":[{"id":93,"href":"https:\/\/www.ecomusee-rural.com\/index.php?rest_route=\/wp\/v2\/pages\/81\/revisions\/93"}],"up":[{"embeddable":true,"href":"https:\/\/www.ecomusee-rural.com\/index.php?rest_route=\/wp\/v2\/pages\/135"}],"wp:featuredmedia":[{"embeddable":true,"href":"https:\/\/www.ecomusee-rural.com\/index.php?rest_route=\/wp\/v2\/media\/87"}],"wp:attachment":[{"href":"https:\/\/www.ecomusee-rural.com\/index.php?rest_route=%2Fwp%2Fv2%2Fmedia&parent=81"}],"curies":[{"name":"wp","href":"https:\/\/api.w.org\/{rel}","templated":true}]}}